{"id":5649,"date":"2014-08-10T11:29:45","date_gmt":"2014-08-10T09:29:45","guid":{"rendered":"http:\/\/www.hoteldujany.com\/?page_id=5649"},"modified":"2018-10-22T13:14:28","modified_gmt":"2018-10-22T11:14:28","slug":"hotel-2","status":"publish","type":"page","link":"https:\/\/www.hoteldujany.com\/fr\/hotel-2\/","title":{"rendered":"Hotel"},"content":{"rendered":"<div class=\"column2 column_space\"><img loading=\"lazy\" decoding=\"async\" width=\"400\" height=\"499\" class=\"aligncenter size-full wp-image-5538\" src=\"http:\/\/www.hoteldujany.com\/wp-content\/uploads\/2014\/06\/hotel-dujany-nus.jpg\" alt=\"hotel-dujany-nus\" srcset=\"https:\/\/www.hoteldujany.com\/wp-content\/uploads\/2014\/06\/hotel-dujany-nus.jpg 400w, https:\/\/www.hoteldujany.com\/wp-content\/uploads\/2014\/06\/hotel-dujany-nus-240x300.jpg 240w, https:\/\/www.hoteldujany.com\/wp-content\/uploads\/2014\/06\/hotel-dujany-nus-50x62.jpg 50w\" sizes=\"(max-width: 400px) 100vw, 400px\" \/><br \/><\/div>\n<div class=\"column2 clearfix\"><h2>Welcome to the <strong>Hotel Restaurant Dujany<\/strong>**<\/h2>\n<div class=\"clearfix divider-common divider-blank\" style=\"padding-top:30px;padding-bottom:30px;\"><\/div>\n<div class=\"service-column service-column-1 service-boxes-icon-with-title alignicon-left alignicon-left-vertical serviceboxes-vertical clearfix\">\n<div class=\"service-item service-item-space\"><div class=\"service-icon\"><i style=\"color:#82B5E5;border-color:#82B5E5;\" class=\"is-animated fontawesome in-circle icon-4x icon-star\"><\/i><\/div><div class=\"service-content\"><h4>Soleil, montagnes, la tranquillit\u00e9 et le bien-\u00eatre<\/h4><div class=\"service-details\"> <span style=\"font-family: Arial;\">L&rsquo;<strong> H\u00f4tel Dujany <\/strong> Nus, \u00e0 9 km. Aoste et \u00e0 8 km de Saint-Vincent, dans le centre de la vall\u00e9e est un point de d\u00e9part id\u00e9al pour les c\u00e9l\u00e8bres stations baln\u00e9aires de la r\u00e9gion.<\/span><br \/>\n<\/div><\/div><\/div>\n<div class=\"service-item service-item-space\"><div class=\"service-icon\"><i style=\"color:#82B5E5;border-color:#82B5E5;\" class=\"is-animated fontawesome in-circle icon-4x icon-key\"><\/i><\/div><div class=\"service-content\"><h4>Comfort<\/h4><div class=\"service-details\"> <span id=\"result_box\" lang=\"fr\" tabindex=\"-1\"><span class=\"hps\">L&rsquo;h\u00f4tel surplombe le<\/span> <span class=\"hps\">ch\u00e2teau de F\u00e9nis<\/span>, le plus c\u00e9l\u00e8bre <span class=\"hps\">de<\/span> <span class=\"hps\">la Vall\u00e9e d&rsquo;Aoste<\/span>. <span class=\"hps\">L&rsquo;h\u00f4tel<\/span> <span class=\"hps\">dispose de 32 chambres<\/span> <span class=\"hps\">avec salle de bains<\/span>, <span class=\"hps\">t\u00e9l\u00e9vision par<\/span> <span class=\"hps\">t\u00e9l\u00e9phone<\/span>. <\/span><\/p>\n<\/div><\/div><\/div>\n<div class=\"service-item service-item-space\"><div class=\"service-icon\"><i style=\"color:#82B5E5;border-color:#82B5E5;\" class=\"is-animated fontawesome in-circle icon-4x icon-bell\"><\/i><\/div><div class=\"service-content\"><h4>Restaurant<\/h4><div class=\"service-details\"> <span style=\"font-family: Arial;\"><strong>Restaurant avec cuisine r\u00e9gionale et nationale <\/strong><\/span> <span style=\"font-family: Arial;\">. <strong> L&rsquo;h\u00f4tel dispose de piscines int\u00e9rieure et ext\u00e9rieure avec jacuzzi <\/strong><br \/>\nPour nos clients, un grand parking, jardin.<\/span><\/p>\n<\/div><\/div><\/div>\n<\/div><\/div><div class=\"clear\"><\/div>\n<div class=\"clearfix divider-common divider-blank\" style=\"padding-top:30px;padding-bottom:30px;\"><\/div>\n<div class=\"column2 column_space\"><div class=\"item-common item-line\" style=\"margin-top:10px;margin-bottom:10px;\"><h3 class=\"item-title\"> Service <\/h3><\/div>\n<div class=\"checklist\">\n<ul>\n<li><i style=\"color:#82B5E5;\" class=\"icon-li icon-star\"><\/i><strong>Chambres confortables avec salle de bains, radio, TV, t\u00e9l\u00e9phone, r\u00e9frig\u00e9rateur, s\u00e8che-cheveux, <\/strong> certaines chambres disposent de la climatisation et d&rsquo;un balcon<\/li>\n<li><i style=\"color:#82B5E5;\" class=\"icon-li icon-star\"><\/i><strong>Restaurant avec cuisine r\u00e9gionale et nationale <\/strong><\/li>\n<li><i style=\"color:#82B5E5;\" class=\"icon-li icon-star\"><\/i><strong> ext\u00e9rieure et une piscine int\u00e9rieure avec jacuzzi <\/strong><\/li>\n<li><i style=\"color:#82B5E5;\" class=\"icon-li icon-star\"><\/i><strong> Hall et bar <\/strong> de l&rsquo;h\u00f4tel<\/li>\n<\/ul>\n<\/div>\n<p><\/div>\n<div class=\"column2 clearfix\"><div class=\"item-common item-line\" style=\"margin-top:10px;margin-bottom:10px;\"><h3 class=\"item-title\">\u00a0<span id=\"result_box\" class=\"short_text\" lang=\"fr\" tabindex=\"-1\"><span class=\"hps\">Services<\/span> <span class=\"hps\">Et\u00e9 \/ Hiver<\/span><\/span><\/h3><\/div>\n<div class=\"checklist\">\n<ul style=\"margin-left: 20px; padding: 0px;\">\n<li><i style=\"color:#82B5E5;\" class=\"icon-li icon-star\"><\/i>L&rsquo;h\u00f4tel a un accord avec le <strong><a href=\"http:\/\/www.termedipre.it\/\" target=\"_blank\">Spa Sant\u00e9 Pr\u00e9 Saint Didier<\/a><\/strong> et <a href=\"http:\/\/www.termedisaintvincent.com\/\" target=\"_blank\"><strong> Les Thermes de Saint-Vincent<\/strong><\/a><\/li>\n<li><i style=\"color:#82B5E5;\" class=\"icon-li icon-star\"><\/i><strong>Vaste stationnement<\/strong><\/li>\n<li><i style=\"color:#82B5E5;\" class=\"icon-li icon-star\"><\/i><strong>Jardin<\/strong> avec chaises longues et parasols<\/li>\n<\/ul>\n<\/div><\/div><div class=\"clear\"><\/div>\n<div class=\"clearfix divider-common divider-blank\" style=\"padding-top:20px;padding-bottom:20px;\"><\/div>\n<div class=\"item-common item-line\" style=\"margin-top:10px;margin-bottom:20px;\"><h3 class=\"item-title\"> Our Skills <\/h3><\/div>\n<div class=\"skillbar clearfix \" data-percent=\"96\"><div style=\"background-color:#FDF994;\" class=\"skillbar-title\"><span>Sun<\/span><\/div><div style=\"background-color:#FDF994;\" class=\"skillbar-bar\"><div class=\"skill-bar-percent\">96%<\/div><\/div><\/div>\n<div class=\"skillbar clearfix \" data-percent=\"98\"><div style=\"background-color:#94FCC3;\" class=\"skillbar-title\"><span>Relax<\/span><\/div><div style=\"background-color:#94FCC3;\" class=\"skillbar-bar\"><div class=\"skill-bar-percent\">98%<\/div><\/div><\/div>\n<div class=\"skillbar clearfix \" data-percent=\"86\"><div style=\"background-color:#FC94A1;\" class=\"skillbar-title\"><span>Nature<\/span><\/div><div style=\"background-color:#FC94A1;\" class=\"skillbar-bar\"><div class=\"skill-bar-percent\">86%<\/div><\/div><\/div>\n<div class=\"skillbar clearfix \" data-percent=\"100\"><div style=\"background-color:#94E4FC;\" class=\"skillbar-title\"><span>Wellness<\/span><\/div><div style=\"background-color:#94E4FC;\" class=\"skillbar-bar\"><div class=\"skill-bar-percent\">100%<\/div><\/div><\/div>\n<div class=\"skillbar clearfix \" data-percent=\"85\"><div style=\"background-color:#D3FC94;\" class=\"skillbar-title\"><span>Fun<\/span><\/div><div style=\"background-color:#D3FC94;\" class=\"skillbar-bar\"><div class=\"skill-bar-percent\">85%<\/div><\/div><\/div>\n","protected":false},"excerpt":{"rendered":"","protected":false},"author":1,"featured_media":0,"parent":0,"menu_order":0,"comment_status":"open","ping_status":"open","template":"","meta":{"footnotes":""},"class_list":["post-5649","page","type-page","status-publish","hentry"],"_links":{"self":[{"href":"https:\/\/www.hoteldujany.com\/fr\/wp-json\/wp\/v2\/pages\/5649"}],"collection":[{"href":"https:\/\/www.hoteldujany.com\/fr\/wp-json\/wp\/v2\/pages"}],"about":[{"href":"https:\/\/www.hoteldujany.com\/fr\/wp-json\/wp\/v2\/types\/page"}],"author":[{"embeddable":true,"href":"https:\/\/www.hoteldujany.com\/fr\/wp-json\/wp\/v2\/users\/1"}],"replies":[{"embeddable":true,"href":"https:\/\/www.hoteldujany.com\/fr\/wp-json\/wp\/v2\/comments?post=5649"}],"version-history":[{"count":1,"href":"https:\/\/www.hoteldujany.com\/fr\/wp-json\/wp\/v2\/pages\/5649\/revisions"}],"predecessor-version":[{"id":5836,"href":"https:\/\/www.hoteldujany.com\/fr\/wp-json\/wp\/v2\/pages\/5649\/revisions\/5836"}],"wp:attachment":[{"href":"https:\/\/www.hoteldujany.com\/fr\/wp-json\/wp\/v2\/media?parent=5649"}],"curies":[{"name":"wp","href":"https:\/\/api.w.org\/{rel}","templated":true}]}}